{"id":5710,"date":"2025-05-16T13:32:29","date_gmt":"2025-05-16T12:32:29","guid":{"rendered":"https:\/\/leseditionsducredij.org\/?post_type=product&#038;p=5710"},"modified":"2025-07-07T09:39:38","modified_gmt":"2025-07-07T08:39:38","slug":"lappropriation-privee-de-leau-en-afrique-de-louest-francophone-these-de-doctorat-unique-en-droit-prive-de-luniversite-de-lome","status":"publish","type":"product","link":"https:\/\/leseditionsducredij.org\/index.php\/produit\/lappropriation-privee-de-leau-en-afrique-de-louest-francophone-these-de-doctorat-unique-en-droit-prive-de-luniversite-de-lome\/","title":{"rendered":"L&rsquo;appropriation priv\u00e9e de l&rsquo;eau en Afrique de l&rsquo;ouest francophone, Th\u00e8se de doctorat unique en droit priv\u00e9 de l&rsquo;Universit\u00e9 de Lom\u00e9"},"content":{"rendered":"<p>L&rsquo;eau est un bien dont la gestion est r\u00e9serv\u00e9e \u00e0 l&rsquo;autorit\u00e9 publique. Mais, dans cette th\u00e8se, en quoi faire de l&rsquo;eau un bien privativement appropriable est un atout pour un d\u00e9veloppement durable. Elle vient dissiper les craintes du l\u00e9gislateur qui h\u00e9site \u00e0 autoriser une appropriation priv\u00e9e de ce bien pour cause de l&rsquo;impact du caract\u00e8re absolu du droit de la propri\u00e9t\u00e9 sur la gestion de cette ressource naturelle, vitale. Nous vous laissons le soin de d\u00e9couvrir la finesse avec laquelle l&rsquo;auteur aborde la question dans son livre, contenu qui lui valut le prix de l&rsquo;Association Africaine des Hautes Juridictions de Cassation Francophones (AHJUCAF) pour la promotion du droit 2019.<\/p>\n","protected":false},"excerpt":{"rendered":"<p>L&rsquo;observation de certaines pratiques sugg\u00e8re l&rsquo;ineffectivit\u00e9 des dispositions l\u00e9gales relatives \u00e0 l&rsquo;eau. Pr\u00e9vue pour \u00eatre un \u00ab\u00a0\u00e9l\u00e9ment du patrimoine commun de la nation\u00a0\u00bb faisant partie du \u00ab\u00a0domaine public\u00a0\u00bb, l&rsquo;eau ressortit, en fait, de la cat\u00e9gorie des choses privativement appropri\u00e9es. La r\u00e9ticence \u00e0 \u00e9lever, en droit, le fait d&rsquo;appropriation priv\u00e9e de l&rsquo;eau semble r\u00e9sulter des craintes suscit\u00e9es par l&rsquo;absolutisme propri\u00e9taire. Mais cet absolutisme proc\u00e8de d&rsquo;une lecture tronqu\u00e9e du droit de propri\u00e9t\u00e9. En r\u00e9alit\u00e9, int\u00e9grer pleinement l&rsquo;eau au droit commun de la propri\u00e9t\u00e9 est le meilleur moyen d&rsquo;atteindre l&rsquo;objectif de \u00ab\u00a0d\u00e9veloppement durable\u00a0\u00bb que constitue la pr\u00e9servation de la ressource. En plus de la rationalit\u00e9 du sujet propri\u00e9taire qui pr\u00e9f\u00e8re, sauf cas pathologique, la protection \u00e0 la destruction d&rsquo;une chose sienne, il a \u00e9t\u00e9 identifi\u00e9 un argument de pur droit. Il s&rsquo;agit de la pr\u00e9sence, dans tout rapport juridique, de l&rsquo;entit\u00e9 publique. Celle-ci, en mati\u00e8re de propri\u00e9t\u00e9 priv\u00e9e, est charg\u00e9e d&rsquo;\u00e9laborer des &lsquo;\u00a0\u00bblois ou r\u00e8glements\u00a0\u00bb \u00e0 l&rsquo;effet de concilier l&rsquo;utilit\u00e9 priv\u00e9e du propri\u00e9taire \u00e0 l&rsquo;utilit\u00e9 publique. La contribution priv\u00e9e-publique se mat\u00e9rialise par les services fonciers. Le refus, par le propri\u00e9taire de l&rsquo;eau, de rendre ces services fonciers encore appel\u00e9s \u00ab\u00a0servitudes\u00a0\u00bb serait caract\u00e9ristique de \u00ab\u00a0l&rsquo;usage prohib\u00e9\u00a0\u00bb tel que mentionn\u00e9 dans les \u00e9l\u00e9ments de d\u00e9finition du droit de propri\u00e9t\u00e9.<\/p>\n","protected":false},"featured_media":5738,"comment_status":"open","ping_status":"closed","template":"","meta":[],"authors":[129],"publishers":[],"product_brand":[],"product_cat":[95],"product_tag":[],"class_list":{"0":"post-5710","1":"product","2":"type-product","3":"status-publish","4":"has-post-thumbnail","6":"authors-comlan-djidjoho-gaudens-djihouessi","7":"product_cat-these","8":"entry","9":"has-media","12":"first","13":"instock","14":"shipping-taxable","15":"purchasable","16":"product-type-simple","17":"has-product-nav","18":"col","19":"span_1_of_4","20":"owp-content-center","21":"owp-thumbs-layout-horizontal","22":"owp-btn-normal","23":"owp-tabs-layout-horizontal","24":"has-no-thumbnails"},"jetpack_sharing_enabled":true,"_links":{"self":[{"href":"https:\/\/leseditionsducredij.org\/index.php\/wp-json\/wp\/v2\/product\/5710","targetHints":{"allow":["GET"]}}],"collection":[{"href":"https:\/\/leseditionsducredij.org\/index.php\/wp-json\/wp\/v2\/product"}],"about":[{"href":"https:\/\/leseditionsducredij.org\/index.php\/wp-json\/wp\/v2\/types\/product"}],"replies":[{"embeddable":true,"href":"https:\/\/leseditionsducredij.org\/index.php\/wp-json\/wp\/v2\/comments?post=5710"}],"wp:featuredmedia":[{"embeddable":true,"href":"https:\/\/leseditionsducredij.org\/index.php\/wp-json\/wp\/v2\/media\/5738"}],"wp:attachment":[{"href":"https:\/\/leseditionsducredij.org\/index.php\/wp-json\/wp\/v2\/media?parent=5710"}],"wp:term":[{"taxonomy":"authors","embeddable":true,"href":"https:\/\/leseditionsducredij.org\/index.php\/wp-json\/wp\/v2\/authors?post=5710"},{"taxonomy":"publishers","embeddable":true,"href":"https:\/\/leseditionsducredij.org\/index.php\/wp-json\/wp\/v2\/publishers?post=5710"},{"taxonomy":"product_brand","embeddable":true,"href":"https:\/\/leseditionsducredij.org\/index.php\/wp-json\/wp\/v2\/product_brand?post=5710"},{"taxonomy":"product_cat","embeddable":true,"href":"https:\/\/leseditionsducredij.org\/index.php\/wp-json\/wp\/v2\/product_cat?post=5710"},{"taxonomy":"product_tag","embeddable":true,"href":"https:\/\/leseditionsducredij.org\/index.php\/wp-json\/wp\/v2\/product_tag?post=5710"}],"curies":[{"name":"wp","href":"https:\/\/api.w.org\/{rel}","templated":true}]}}